{"id":1632,"date":"2015-08-16T06:49:55","date_gmt":"2015-08-16T06:49:55","guid":{"rendered":"http:\/\/www.waldhaus-bettmeralp.ch\/infos-zur-anreise\/"},"modified":"2018-07-21T09:20:15","modified_gmt":"2018-07-21T09:20:15","slug":"arrivee","status":"publish","type":"page","link":"https:\/\/www.waldhaus-bettmeralp.ch\/fr\/contact\/arrivee\/","title":{"rendered":"ITINERAIRES"},"content":{"rendered":"<p><div class=\"fusion-fullwidth fullwidth-box fusion-builder-row-1 nonhundred-percent-fullwidth non-hundred-percent-height-scrolling\" style=\"background-color: rgba(255,255,255,0);background-position: left top;background-repeat: no-repeat;padding-top:20px;padding-right:0px;padding-bottom:20px;padding-left:0px;margin-bottom: 0px;margin-top: 0px;border-width: 0px 0px 0px 0px;border-color:#eae9e9;border-style:solid;\" ><div class=\"fusion-builder-row fusion-row\"><div class=\"fusion-layout-column fusion_builder_column fusion-builder-column-0 fusion_builder_column_1_1 1_1 fusion-one-full fusion-column-first fusion-column-last fusion-column-no-min-height\" style=\"margin-top:0px;margin-bottom:0px;\"><div class=\"fusion-column-wrapper fusion-flex-column-wrapper-legacy\" style=\"background-position:left top;background-repeat:no-repeat;-webkit-background-size:cover;-moz-background-size:cover;-o-background-size:cover;background-size:cover;padding: 0px 0px 0px 0px;\"><div class=\"fusion-text fusion-text-1\"><p style=\"letter-spacing: 4px; font-size: 13px; text-align: center; margin-bottom: 0px;\">Comment se rendre \u00e0 l&rsquo;h\u00f4tel Waldhaus<\/p>\n<h1 style=\"text-align: center;\">Itin\u00e9raires<\/h1>\n<\/div><div class=\"fusion-clearfix\"><\/div><\/div><\/div><div class=\"fusion-layout-column fusion_builder_column fusion-builder-column-1 fusion_builder_column_1_2 1_2 fusion-one-half fusion-column-first\" style=\"width:48%; margin-right: 4%;margin-top:0px;margin-bottom:20px;\"><div class=\"fusion-column-wrapper fusion-flex-column-wrapper-legacy\" style=\"background-position:left top;background-repeat:no-repeat;-webkit-background-size:cover;-moz-background-size:cover;-o-background-size:cover;background-size:cover;padding: 0px 0px 0px 0px;\"><span class=\" fusion-imageframe imageframe-none imageframe-1 hover-type-none\"><img decoding=\"async\" src=\"http:\/\/www.waldhaus-bettmeralp.ch\/wp-content\/uploads\/2015\/08\/anreise_aletsch.jpg\" class=\"img-responsive\"\/><\/span><div class=\"fusion-clearfix\"><\/div><\/div><\/div><div class=\"fusion-layout-column fusion_builder_column fusion-builder-column-2 fusion_builder_column_1_2 1_2 fusion-one-half fusion-column-last\" style=\"width:48%;margin-top:0px;margin-bottom:20px;\"><div class=\"fusion-column-wrapper fusion-flex-column-wrapper-legacy\" style=\"background-position:left top;background-repeat:no-repeat;-webkit-background-size:cover;-moz-background-size:cover;-o-background-size:cover;background-size:cover;padding: 0px 0px 0px 0px;\"><div class=\"fusion-video fusion-youtube\" style=\"max-width:600px;max-height:350px;\"><div class=\"video-shortcode\"><iframe title=\"YouTube video player 1\" src=\"https:\/\/www.youtube.com\/embed\/9yCqG-A7rrI?wmode=transparent&autoplay=0\" width=\"600\" height=\"350\" allowfullscreen allow=\"autoplay; fullscreen\"><\/iframe><\/div><\/div><div class=\"fusion-clearfix\"><\/div><\/div><\/div><div class=\"fusion-layout-column fusion_builder_column fusion-builder-column-3 fusion_builder_column_1_2 1_2 fusion-one-half fusion-column-first\" style=\"width:48%; margin-right: 4%;margin-top:0px;margin-bottom:20px;\"><div class=\"fusion-column-wrapper fusion-flex-column-wrapper-legacy\" style=\"background-position:left top;background-repeat:no-repeat;-webkit-background-size:cover;-moz-background-size:cover;-o-background-size:cover;background-size:cover;padding: 0px 0px 0px 0px;\"><div class=\"fusion-text fusion-text-2\"><p><span style=\"color: #000000;\">L&rsquo;hotel Waldhaus se situe \u00e0 proximit\u00e9 de pistes de ski et au d\u00e9part de nombreux chemins de randonn\u00e9es, \u00e0 seulement 150 m\u00e8tres de la station de t\u00e9l\u00e9ph\u00e9rique de Bettmeralp et \u00e0 environ 7 minutes du centre du village. Ici tout se fait \u00e0 pieds, les voitures ne sont pas autoris\u00e9es !&nbsp;<\/span><\/p>\n<\/div><div class=\"fusion-clearfix\"><\/div><\/div><\/div><\/div><\/div><div class=\"fusion-fullwidth fullwidth-box fusion-builder-row-2 nonhundred-percent-fullwidth non-hundred-percent-height-scrolling\" style=\"background-color: rgba(255,255,255,0);background-position: left top;background-repeat: no-repeat;padding-top:20px;padding-right:0px;padding-bottom:20px;padding-left:0px;margin-bottom: 0px;margin-top: 0px;border-width: 0px 0px 0px 0px;border-color:#eae9e9;border-style:solid;\" ><div class=\"fusion-builder-row fusion-row\"><div class=\"fusion-layout-column fusion_builder_column fusion-builder-column-4 fusion_builder_column_1_2 1_2 fusion-one-half fusion-column-first\" style=\"width:48%; margin-right: 4%;margin-top:0px;margin-bottom:20px;\"><div class=\"fusion-column-wrapper fusion-flex-column-wrapper-legacy\" style=\"background-position:left top;background-repeat:no-repeat;-webkit-background-size:cover;-moz-background-size:cover;-o-background-size:cover;background-size:cover;padding: 0px 0px 0px 0px;\"><div class=\"fusion-text fusion-text-3\"><div class=\"fwelement fwtitle fwtitle2 \">\n<h2>Des vacances \u00e0 l\u2019air pur \u2013 Aletsch Arena, le paradis des vacances sans voitures !<\/h2>\n<div class=\"clear\">&nbsp;<\/div>\n<\/div>\n<div class=\"fwelement fwtext fwtext0 \">\n<p><strong><a href=\"http:\/\/www.aletscharena.ch\/destination-fr\/ma-station\/riederalp\/\">Riederalp<\/a><\/strong>, <a href=\"http:\/\/www.aletscharena.ch\/destination-fr\/ma-station\/bettmeralp\/\"><strong>Bettmeralp<\/strong><\/a> et <a href=\"http:\/\/www.aletscharena.ch\/destination-fr\/ma-station\/fiesch-eggishorn\/\"><strong>Fiesch-Eggishorn<\/strong><\/a>, les trois destinations de vacances au c\u0153ur de l\u2019Aletsch Arena dans le canton du Valais. &nbsp;Qu\u2019on se d\u00e9place en voiture ou en train, l\u2019acc\u00e8s \u00e0 l\u2019Aletsch Arena est possible \u00e0 n\u2019importe quelle saison.<\/p>\n<p><strong>Attention: <\/strong>les villages Riederalp, Bettmeralp et Fiescheralp sont <a href=\"http:\/\/www.aletscharena.ch\/destination-fr\/interdit-aux-voitures\/\"><strong>interdits aux voitures<\/strong><\/a>! La derni\u00e8re partie du voyage se fait depuis les stations M\u00f6rel, Betten Talstation&nbsp;(\u00ab\u00a0Grengiols Guldersand\u00a0\u00bb dans votre GPS) ou Fiesch \u00e0 bord des t\u00e9l\u00e9ph\u00e9riques locaux. Ils permettent d&rsquo;acc\u00e9der au plateau ensoleill\u00e9 de Bettmeralp en 7 \u00e0 10 minutes seulement.<\/p>\n<\/div>\n<div class=\"fwelement fwtext fwtext0 \">\n<h2><strong>En train<\/strong><\/h2>\n<p>L&rsquo;acc\u00e8s en train est tr\u00e8s pratique et permet de voyager sans stress. De nombreuses correspondances faciliteront votre voyage.&nbsp;<\/p>\n<p><strong>Aller jusqu\u2019\u00e0 Brigue avec les CFF (Chemins de fer f\u00e9d\u00e9raux suisses)\u2026 <\/strong><\/p>\n<p><strong>&#8230;en venant de Suisse romande:<\/strong> Gen\u00e8ve \u2013 Lausanne \u2013 Sion &#8211; Brigue<\/p>\n<p><strong>&#8230;en venant de l\u2019Allemagne:<\/strong> B\u00e2le \u2013 Berne &#8211; Brigue<\/p>\n<p><strong>&#8230;en venant de Zurich:<\/strong> Zurich \u2013 Lucerne \u2013 G\u00f6schenen ou Zurich \u2013 Berne &#8211; Brigue<\/p>\n<p>De Brigue ou de G\u00f6schenen prendre le train &nbsp;<strong>Matterhorn Gotthard Bahn (MGBahn)<\/strong> jusqu\u2019\u00e0 la&nbsp;<strong>station Betten Talstation<\/strong><strong>. <\/strong>D&rsquo;ici, on saute dans l\u2019un des t\u00e9l\u00e9ph\u00e9riques locaux et en 7 \/10 minutes on atteint les stations de vacances de Riederalp, Bettmeralp ou Fiescheralp, toutes interdites aux voitures.<\/p>\n<\/div>\n<p><a href=\"https:\/\/www.sbb.ch\/fr\/home.html\" target=\"_blank\" rel=\"noopener noreferrer\"><span style=\"color: #892d87;\">Horaire CFF (Chemins de fer f\u00e9d\u00e9raux suisses)<\/span><\/a><br \/>\n<a href=\"http:\/\/www.aletscharena.ch\/remontees-mecaniques\/horaire\/\" target=\"_blank\" rel=\"noopener noreferrer\"><span style=\"color: #892d87;\">Horaire T\u00e9l\u00e9ferique Bettmeralp <\/span><\/a><\/p>\n<\/div><div class=\"fusion-clearfix\"><\/div><\/div><\/div><div class=\"fusion-layout-column fusion_builder_column fusion-builder-column-5 fusion_builder_column_1_2 1_2 fusion-one-half fusion-column-last\" style=\"width:48%;margin-top:0px;margin-bottom:20px;\"><div class=\"fusion-column-wrapper fusion-flex-column-wrapper-legacy\" style=\"background-position:left top;background-repeat:no-repeat;-webkit-background-size:cover;-moz-background-size:cover;-o-background-size:cover;background-size:cover;padding: 0px 0px 0px 0px;\"><div class=\"fusion-text fusion-text-4\"><h2>&nbsp;En voiture<\/h2>\n<div class=\"fwelement fwtext fwtext0 \">\n<p>Des routes et des cols bien am\u00e9nag\u00e9s pour rouler en toute s\u00e9curit\u00e9. Se rendre en voiture jusqu&rsquo;\u00e0 M\u00f6rel, Betten (systeme de navigation: Grengiols Guldersand), Lax, Fiesch et Fieschertal. Nombreuses places de stationnement en plein air ou parkings couverts. D&rsquo;ici, on saute dans l\u2019un des t\u00e9l\u00e9ph\u00e9riques locaux et en 7 \/10 minutes on atteint les stations de vacances de Riederalp, Bettmeralp ou Fiescheralp interdites aux voitures.<\/p>\n<p><strong>ITINERAIRES<\/strong><\/p>\n<p><strong>&#8230;depuis la Suisse romande:<\/strong> par la A9 le long du lac L\u00e9man en direction de Brigue &#8211; Furka<\/p>\n<p><strong>&#8230;depuis l\u2019Italie:<\/strong> par le col du Simplon ouvert toute l\u2019ann\u00e9e ou transport par <a href=\"http:\/\/www.cff.ch\/gare-services\/auto-velo\/trains-autos\/train-autos.html\" target=\"_blank\" rel=\"noopener noreferrer\">train-autos Brigue &#8211; Iselle<\/a><\/p>\n<p><strong>&#8230;depuis l\u2019Allemagne:<\/strong> par B\u00e2le \u2013 Berne \u2013 Thoune \u2013 Kandersteg (<a href=\"http:\/\/www.bls.ch\/f\/autoverlad\/index.php\" target=\"_blank\" rel=\"noopener noreferrer\">train-autos du L\u00f6tschberg<\/a>) \u2013 Goppenstein \u2013 Brigue, en direction de la Furka; alternative via Zurich \u2013 direction Gothard \u2013 transport par <a href=\"http:\/\/www.matterhorngotthardbahn.ch\/fr\/offres\/chargement_de_voiture\/furka\/Pages\/default.aspx\" target=\"_blank\" rel=\"noopener noreferrer\">train-autos de la Furka<\/a> (Realp \u2013 Oberwald), poursuivre son voyage par la vall\u00e9e de Conches en direction de Brigue.<\/p>\n<p><strong>Conseil:<br \/>\n<\/strong>Avant votre d\u00e9part, renseignez-vous sur les conditions de circulation ! En hiver, certains cols sont ferm\u00e9s. Vous trouverez ici <a href=\"https:\/\/www.tcs.ch\/fr\/auto-mobilite\/inforoute\/\" target=\"_blank\" rel=\"noopener noreferrer\"><strong>l&rsquo;\u00e9tat actuel des routes<\/strong><\/a>.<\/p>\n<\/div>\n<\/div><div class=\"fusion-clearfix\"><\/div><\/div><\/div><\/div><\/div><\/p>\n","protected":false},"excerpt":{"rendered":"","protected":false},"author":1,"featured_media":0,"parent":1777,"menu_order":1,"comment_status":"closed","ping_status":"closed","template":"","meta":{"ngg_post_thumbnail":0,"footnotes":""},"class_list":["post-1632","page","type-page","status-publish","hentry"],"yoast_head":"<!-- This site is optimized with the Yoast SEO plugin v27.3 - https:\/\/yoast.com\/product\/yoast-seo-wordpress\/ -->\n<title>Anreise Hotel Waldhaus Bettmeralp Aletsch Arena<\/title>\n<meta name=\"description\" content=\"Anreise ins Waldhaus. Mit der Bahn oder dem Auto bis zur Talstation Bettmeralp. Dann bequem mit der Seilbahn hinauf auf die Bettmeralp.\" \/>\n<meta name=\"robots\" content=\"index, follow, max-snippet:-1, max-image-preview:large, max-video-preview:-1\" \/>\n<link rel=\"canonical\" href=\"https:\/\/www.waldhaus-bettmeralp.ch\/fr\/contact\/arrivee\/\" \/>\n<meta property=\"og:locale\" content=\"fr_FR\" \/>\n<meta property=\"og:type\" content=\"article\" \/>\n<meta property=\"og:title\" content=\"Anreise Hotel Waldhaus Bettmeralp Aletsch Arena\" \/>\n<meta property=\"og:description\" content=\"Anreise ins Waldhaus. Mit der Bahn oder dem Auto bis zur Talstation Bettmeralp. Dann bequem mit der Seilbahn hinauf auf die Bettmeralp.\" \/>\n<meta property=\"og:url\" content=\"https:\/\/www.waldhaus-bettmeralp.ch\/fr\/contact\/arrivee\/\" \/>\n<meta property=\"og:site_name\" content=\"Waldh\u00fcs Gfl\u00fcschter\" \/>\n<meta property=\"article:publisher\" content=\"https:\/\/www.facebook.com\/FerienhotelWaldhaus\" \/>\n<meta property=\"article:modified_time\" content=\"2018-07-21T09:20:15+00:00\" \/>\n<meta property=\"og:image\" content=\"http:\/\/www.waldhaus-bettmeralp.ch\/wp-content\/uploads\/2015\/08\/anreise_aletsch.jpg\" \/>\n<meta name=\"twitter:card\" content=\"summary_large_image\" \/>\n<meta name=\"twitter:site\" content=\"@Hotel_Waldhaus\" \/>\n<meta name=\"twitter:label1\" content=\"Dur\u00e9e de lecture estim\u00e9e\" \/>\n\t<meta name=\"twitter:data1\" content=\"6 minutes\" \/>\n<script type=\"application\/ld+json\" class=\"yoast-schema-graph\">{\"@context\":\"https:\\\/\\\/schema.org\",\"@graph\":[{\"@type\":\"WebPage\",\"@id\":\"https:\\\/\\\/www.waldhaus-bettmeralp.ch\\\/fr\\\/contact\\\/arrivee\\\/\",\"url\":\"https:\\\/\\\/www.waldhaus-bettmeralp.ch\\\/fr\\\/contact\\\/arrivee\\\/\",\"name\":\"Anreise Hotel Waldhaus Bettmeralp Aletsch Arena\",\"isPartOf\":{\"@id\":\"https:\\\/\\\/www.waldhaus-bettmeralp.ch\\\/en\\\/#website\"},\"primaryImageOfPage\":{\"@id\":\"https:\\\/\\\/www.waldhaus-bettmeralp.ch\\\/fr\\\/contact\\\/arrivee\\\/#primaryimage\"},\"image\":{\"@id\":\"https:\\\/\\\/www.waldhaus-bettmeralp.ch\\\/fr\\\/contact\\\/arrivee\\\/#primaryimage\"},\"thumbnailUrl\":\"http:\\\/\\\/www.waldhaus-bettmeralp.ch\\\/wp-content\\\/uploads\\\/2015\\\/08\\\/anreise_aletsch.jpg\",\"datePublished\":\"2015-08-16T06:49:55+00:00\",\"dateModified\":\"2018-07-21T09:20:15+00:00\",\"description\":\"Anreise ins Waldhaus. Mit der Bahn oder dem Auto bis zur Talstation Bettmeralp. Dann bequem mit der Seilbahn hinauf auf die Bettmeralp.\",\"breadcrumb\":{\"@id\":\"https:\\\/\\\/www.waldhaus-bettmeralp.ch\\\/fr\\\/contact\\\/arrivee\\\/#breadcrumb\"},\"inLanguage\":\"fr-FR\",\"potentialAction\":[{\"@type\":\"ReadAction\",\"target\":[\"https:\\\/\\\/www.waldhaus-bettmeralp.ch\\\/fr\\\/contact\\\/arrivee\\\/\"]}]},{\"@type\":\"ImageObject\",\"inLanguage\":\"fr-FR\",\"@id\":\"https:\\\/\\\/www.waldhaus-bettmeralp.ch\\\/fr\\\/contact\\\/arrivee\\\/#primaryimage\",\"url\":\"http:\\\/\\\/www.waldhaus-bettmeralp.ch\\\/wp-content\\\/uploads\\\/2015\\\/08\\\/anreise_aletsch.jpg\",\"contentUrl\":\"http:\\\/\\\/www.waldhaus-bettmeralp.ch\\\/wp-content\\\/uploads\\\/2015\\\/08\\\/anreise_aletsch.jpg\"},{\"@type\":\"BreadcrumbList\",\"@id\":\"https:\\\/\\\/www.waldhaus-bettmeralp.ch\\\/fr\\\/contact\\\/arrivee\\\/#breadcrumb\",\"itemListElement\":[{\"@type\":\"ListItem\",\"position\":1,\"name\":\"Home\",\"item\":\"https:\\\/\\\/www.waldhaus-bettmeralp.ch\\\/fr\\\/\"},{\"@type\":\"ListItem\",\"position\":2,\"name\":\"Contact\\\/Infos\",\"item\":\"https:\\\/\\\/www.waldhaus-bettmeralp.ch\\\/fr\\\/contact\\\/\"},{\"@type\":\"ListItem\",\"position\":3,\"name\":\"ITINERAIRES\"}]},{\"@type\":\"WebSite\",\"@id\":\"https:\\\/\\\/www.waldhaus-bettmeralp.ch\\\/en\\\/#website\",\"url\":\"https:\\\/\\\/www.waldhaus-bettmeralp.ch\\\/en\\\/\",\"name\":\"Waldh\u00fcs Gfl\u00fcschter\",\"description\":\"Hotel &amp; Restaurant Waldhaus in der Aletsch Arena\",\"publisher\":{\"@id\":\"https:\\\/\\\/www.waldhaus-bettmeralp.ch\\\/en\\\/#organization\"},\"potentialAction\":[{\"@type\":\"SearchAction\",\"target\":{\"@type\":\"EntryPoint\",\"urlTemplate\":\"https:\\\/\\\/www.waldhaus-bettmeralp.ch\\\/en\\\/?s={search_term_string}\"},\"query-input\":{\"@type\":\"PropertyValueSpecification\",\"valueRequired\":true,\"valueName\":\"search_term_string\"}}],\"inLanguage\":\"fr-FR\"},{\"@type\":\"Organization\",\"@id\":\"https:\\\/\\\/www.waldhaus-bettmeralp.ch\\\/en\\\/#organization\",\"name\":\"Hotel & Restaurant Waldhaus\",\"url\":\"https:\\\/\\\/www.waldhaus-bettmeralp.ch\\\/en\\\/\",\"logo\":{\"@type\":\"ImageObject\",\"inLanguage\":\"fr-FR\",\"@id\":\"https:\\\/\\\/www.waldhaus-bettmeralp.ch\\\/en\\\/#\\\/schema\\\/logo\\\/image\\\/\",\"url\":\"https:\\\/\\\/www.waldhaus-bettmeralp.ch\\\/wp-content\\\/uploads\\\/2015\\\/08\\\/Logo-W-neu--scaled.jpg\",\"contentUrl\":\"https:\\\/\\\/www.waldhaus-bettmeralp.ch\\\/wp-content\\\/uploads\\\/2015\\\/08\\\/Logo-W-neu--scaled.jpg\",\"width\":2560,\"height\":1506,\"caption\":\"Hotel & Restaurant Waldhaus\"},\"image\":{\"@id\":\"https:\\\/\\\/www.waldhaus-bettmeralp.ch\\\/en\\\/#\\\/schema\\\/logo\\\/image\\\/\"},\"sameAs\":[\"https:\\\/\\\/www.facebook.com\\\/FerienhotelWaldhaus\",\"https:\\\/\\\/x.com\\\/Hotel_Waldhaus\",\"https:\\\/\\\/instagram.com\\\/hotel_waldhaus\\\/\",\"https:\\\/\\\/de.pinterest.com\\\/hotelwaldhaus\\\/\"]}]}<\/script>\n<!-- \/ Yoast SEO plugin. -->","yoast_head_json":{"title":"Anreise Hotel Waldhaus Bettmeralp Aletsch Arena","description":"Anreise ins Waldhaus. Mit der Bahn oder dem Auto bis zur Talstation Bettmeralp. Dann bequem mit der Seilbahn hinauf auf die Bettmeralp.","robots":{"index":"index","follow":"follow","max-snippet":"max-snippet:-1","max-image-preview":"max-image-preview:large","max-video-preview":"max-video-preview:-1"},"canonical":"https:\/\/www.waldhaus-bettmeralp.ch\/fr\/contact\/arrivee\/","og_locale":"fr_FR","og_type":"article","og_title":"Anreise Hotel Waldhaus Bettmeralp Aletsch Arena","og_description":"Anreise ins Waldhaus. Mit der Bahn oder dem Auto bis zur Talstation Bettmeralp. Dann bequem mit der Seilbahn hinauf auf die Bettmeralp.","og_url":"https:\/\/www.waldhaus-bettmeralp.ch\/fr\/contact\/arrivee\/","og_site_name":"Waldh\u00fcs Gfl\u00fcschter","article_publisher":"https:\/\/www.facebook.com\/FerienhotelWaldhaus","article_modified_time":"2018-07-21T09:20:15+00:00","og_image":[{"url":"http:\/\/www.waldhaus-bettmeralp.ch\/wp-content\/uploads\/2015\/08\/anreise_aletsch.jpg","type":"","width":"","height":""}],"twitter_card":"summary_large_image","twitter_site":"@Hotel_Waldhaus","twitter_misc":{"Dur\u00e9e de lecture estim\u00e9e":"6 minutes"},"schema":{"@context":"https:\/\/schema.org","@graph":[{"@type":"WebPage","@id":"https:\/\/www.waldhaus-bettmeralp.ch\/fr\/contact\/arrivee\/","url":"https:\/\/www.waldhaus-bettmeralp.ch\/fr\/contact\/arrivee\/","name":"Anreise Hotel Waldhaus Bettmeralp Aletsch Arena","isPartOf":{"@id":"https:\/\/www.waldhaus-bettmeralp.ch\/en\/#website"},"primaryImageOfPage":{"@id":"https:\/\/www.waldhaus-bettmeralp.ch\/fr\/contact\/arrivee\/#primaryimage"},"image":{"@id":"https:\/\/www.waldhaus-bettmeralp.ch\/fr\/contact\/arrivee\/#primaryimage"},"thumbnailUrl":"http:\/\/www.waldhaus-bettmeralp.ch\/wp-content\/uploads\/2015\/08\/anreise_aletsch.jpg","datePublished":"2015-08-16T06:49:55+00:00","dateModified":"2018-07-21T09:20:15+00:00","description":"Anreise ins Waldhaus. Mit der Bahn oder dem Auto bis zur Talstation Bettmeralp. Dann bequem mit der Seilbahn hinauf auf die Bettmeralp.","breadcrumb":{"@id":"https:\/\/www.waldhaus-bettmeralp.ch\/fr\/contact\/arrivee\/#breadcrumb"},"inLanguage":"fr-FR","potentialAction":[{"@type":"ReadAction","target":["https:\/\/www.waldhaus-bettmeralp.ch\/fr\/contact\/arrivee\/"]}]},{"@type":"ImageObject","inLanguage":"fr-FR","@id":"https:\/\/www.waldhaus-bettmeralp.ch\/fr\/contact\/arrivee\/#primaryimage","url":"http:\/\/www.waldhaus-bettmeralp.ch\/wp-content\/uploads\/2015\/08\/anreise_aletsch.jpg","contentUrl":"http:\/\/www.waldhaus-bettmeralp.ch\/wp-content\/uploads\/2015\/08\/anreise_aletsch.jpg"},{"@type":"BreadcrumbList","@id":"https:\/\/www.waldhaus-bettmeralp.ch\/fr\/contact\/arrivee\/#breadcrumb","itemListElement":[{"@type":"ListItem","position":1,"name":"Home","item":"https:\/\/www.waldhaus-bettmeralp.ch\/fr\/"},{"@type":"ListItem","position":2,"name":"Contact\/Infos","item":"https:\/\/www.waldhaus-bettmeralp.ch\/fr\/contact\/"},{"@type":"ListItem","position":3,"name":"ITINERAIRES"}]},{"@type":"WebSite","@id":"https:\/\/www.waldhaus-bettmeralp.ch\/en\/#website","url":"https:\/\/www.waldhaus-bettmeralp.ch\/en\/","name":"Waldh\u00fcs Gfl\u00fcschter","description":"Hotel &amp; Restaurant Waldhaus in der Aletsch Arena","publisher":{"@id":"https:\/\/www.waldhaus-bettmeralp.ch\/en\/#organization"},"potentialAction":[{"@type":"SearchAction","target":{"@type":"EntryPoint","urlTemplate":"https:\/\/www.waldhaus-bettmeralp.ch\/en\/?s={search_term_string}"},"query-input":{"@type":"PropertyValueSpecification","valueRequired":true,"valueName":"search_term_string"}}],"inLanguage":"fr-FR"},{"@type":"Organization","@id":"https:\/\/www.waldhaus-bettmeralp.ch\/en\/#organization","name":"Hotel & Restaurant Waldhaus","url":"https:\/\/www.waldhaus-bettmeralp.ch\/en\/","logo":{"@type":"ImageObject","inLanguage":"fr-FR","@id":"https:\/\/www.waldhaus-bettmeralp.ch\/en\/#\/schema\/logo\/image\/","url":"https:\/\/www.waldhaus-bettmeralp.ch\/wp-content\/uploads\/2015\/08\/Logo-W-neu--scaled.jpg","contentUrl":"https:\/\/www.waldhaus-bettmeralp.ch\/wp-content\/uploads\/2015\/08\/Logo-W-neu--scaled.jpg","width":2560,"height":1506,"caption":"Hotel & Restaurant Waldhaus"},"image":{"@id":"https:\/\/www.waldhaus-bettmeralp.ch\/en\/#\/schema\/logo\/image\/"},"sameAs":["https:\/\/www.facebook.com\/FerienhotelWaldhaus","https:\/\/x.com\/Hotel_Waldhaus","https:\/\/instagram.com\/hotel_waldhaus\/","https:\/\/de.pinterest.com\/hotelwaldhaus\/"]}]}},"_links":{"self":[{"href":"https:\/\/www.waldhaus-bettmeralp.ch\/fr\/wp-json\/wp\/v2\/pages\/1632","targetHints":{"allow":["GET"]}}],"collection":[{"href":"https:\/\/www.waldhaus-bettmeralp.ch\/fr\/wp-json\/wp\/v2\/pages"}],"about":[{"href":"https:\/\/www.waldhaus-bettmeralp.ch\/fr\/wp-json\/wp\/v2\/types\/page"}],"author":[{"embeddable":true,"href":"https:\/\/www.waldhaus-bettmeralp.ch\/fr\/wp-json\/wp\/v2\/users\/1"}],"replies":[{"embeddable":true,"href":"https:\/\/www.waldhaus-bettmeralp.ch\/fr\/wp-json\/wp\/v2\/comments?post=1632"}],"version-history":[{"count":7,"href":"https:\/\/www.waldhaus-bettmeralp.ch\/fr\/wp-json\/wp\/v2\/pages\/1632\/revisions"}],"predecessor-version":[{"id":4727,"href":"https:\/\/www.waldhaus-bettmeralp.ch\/fr\/wp-json\/wp\/v2\/pages\/1632\/revisions\/4727"}],"up":[{"embeddable":true,"href":"https:\/\/www.waldhaus-bettmeralp.ch\/fr\/wp-json\/wp\/v2\/pages\/1777"}],"wp:attachment":[{"href":"https:\/\/www.waldhaus-bettmeralp.ch\/fr\/wp-json\/wp\/v2\/media?parent=1632"}],"curies":[{"name":"wp","href":"https:\/\/api.w.org\/{rel}","templated":true}]}}