{"id":4220,"date":"2015-08-15T16:02:55","date_gmt":"2015-08-15T16:02:55","guid":{"rendered":"https:\/\/www.waldhaus-bettmeralp.ch\/feel-free\/"},"modified":"2017-07-11T10:47:47","modified_gmt":"2017-07-11T10:47:47","slug":"feel-free_en","status":"publish","type":"page","link":"https:\/\/www.waldhaus-bettmeralp.ch\/en\/feel-free_en\/","title":{"rendered":"Feel Free"},"content":{"rendered":"<p><div class=\"fusion-fullwidth fullwidth-box fusion-builder-row-1 nonhundred-percent-fullwidth non-hundred-percent-height-scrolling\" style=\"background-color: rgba(255,255,255,0);background-position: left top;background-repeat: no-repeat;padding-top:20px;padding-right:0px;padding-bottom:20px;padding-left:0px;margin-bottom: 0px;margin-top: 0px;border-width: 0px 0px 0px 0px;border-color:#eae9e9;border-style:solid;\" ><div class=\"fusion-builder-row fusion-row\"><div class=\"fusion-layout-column fusion_builder_column fusion-builder-column-0 fusion_builder_column_1_1 1_1 fusion-one-full fusion-column-first fusion-column-last fusion-column-no-min-height\" style=\"margin-top:0px;margin-bottom:0px;\"><div class=\"fusion-column-wrapper fusion-flex-column-wrapper-legacy\" style=\"background-position:left top;background-repeat:no-repeat;-webkit-background-size:cover;-moz-background-size:cover;-o-background-size:cover;background-size:cover;padding: 0px 0px 0px 0px;\"><div class=\"fusion-text fusion-text-1\"><p style=\"letter-spacing: 4px; font-size: 13px; text-align: center; margin-bottom: 0px;\">Feel Free at the Waldhaus<\/p>\n<h1 style=\"text-align: center;\">Feel Free &amp; Unwind<\/h1>\n<\/div><div class=\"fusion-clearfix\"><\/div><\/div><\/div><\/div><\/div><div class=\"fusion-fullwidth fullwidth-box fusion-builder-row-2 hundred-percent-fullwidth non-hundred-percent-height-scrolling\" style=\"background-color: rgba(255,255,255,0);background-position: center center;background-repeat: no-repeat;padding-top:0px;padding-right:0px;padding-bottom:0px;padding-left:0px;margin-bottom: 0px;margin-top: 0px;border-width: 0px 0px 0px 0px;border-color:#eae9e9;border-style:solid;\" ><div class=\"fusion-builder-row fusion-row\"><div class=\"fusion-layout-column fusion_builder_column fusion-builder-column-1 fusion_builder_column_1_1 1_1 fusion-one-full fusion-column-first fusion-column-last\" style=\"margin-top:0px;margin-bottom:20px;\"><div class=\"fusion-column-wrapper fusion-flex-column-wrapper-legacy\" style=\"background-position:left top;background-repeat:no-repeat;-webkit-background-size:cover;-moz-background-size:cover;-o-background-size:cover;background-size:cover;padding: 0px 0px 0px 0px;\"><div class=\"fusion-text fusion-text-2\"><p style=\"text-align: center;\"><span id=\"result_box\" class=\"\" lang=\"en\">FEELFREE in the Aletsch Arena. The most liberating experience of the Alps offers the ideal setting to reconcile body and spirit and to recharge new energy for the soul. <span class=\"\">Treat yourself to relaxation in our sauna or let your soul dangle again during a massage or shiatsu treatment.<\/span><\/span><\/p>\n<\/div><div class=\"fusion-clearfix\"><\/div><\/div><\/div><div class=\"fusion-layout-column fusion_builder_column fusion-builder-column-2 fusion_builder_column_1_1 1_1 fusion-one-full fusion-column-first fusion-column-last fusion-column-no-min-height\" style=\"margin-top:0px;margin-bottom:0px;\"><div class=\"fusion-column-wrapper fusion-flex-column-wrapper-legacy\" style=\"background-position:left top;background-repeat:no-repeat;-webkit-background-size:cover;-moz-background-size:cover;-o-background-size:cover;background-size:cover;padding: 0px 0px 0px 0px;\"><div class=\"fusion-sep-clear\"><\/div><div class=\"fusion-separator fusion-full-width-sep\" style=\"margin-left: auto;margin-right: auto;margin-top:20px;margin-bottom:20px;width:100%;\"><\/div><div class=\"fusion-sep-clear\"><\/div><div class=\"fusion-clearfix\"><\/div><\/div><\/div><div class=\"fusion-layout-column fusion_builder_column fusion-builder-column-3 fusion_builder_column_1_3 1_3 fusion-one-third fusion-column-first\" style=\"width:30.6666%; margin-right: 4%;margin-top:0px;margin-bottom:20px;\"><div class=\"fusion-column-wrapper fusion-flex-column-wrapper-legacy\" style=\"background-position:left top;background-repeat:no-repeat;-webkit-background-size:cover;-moz-background-size:cover;-o-background-size:cover;background-size:cover;padding: 0px 0px 0px 0px;\"><div class=\"fusion-text fusion-text-3\"><p><a href=\"\/feel-free\/kaminzimmer\/\"><img decoding=\"async\" class=\"alignnone wp-image-173 size-full\" src=\"http:\/\/www.waldhaus-bettmeralp.ch\/wp-content\/uploads\/2015\/08\/Kaminzimmer.jpg\" alt=\"Waldhaus Bettmeralp Kaminzimer\" width=\"800\" height=\"533\" srcset=\"https:\/\/www.waldhaus-bettmeralp.ch\/wp-content\/uploads\/2015\/08\/Kaminzimmer-300x200.jpg 300w, https:\/\/www.waldhaus-bettmeralp.ch\/wp-content\/uploads\/2015\/08\/Kaminzimmer-500x333.jpg 500w, https:\/\/www.waldhaus-bettmeralp.ch\/wp-content\/uploads\/2015\/08\/Kaminzimmer.jpg 800w\" sizes=\"(max-width: 800px) 100vw, 800px\" \/><\/a><\/p>\n<h2 style=\"text-align: center;\">Fire Place<\/h2>\n<\/div><div class=\"fusion-clearfix\"><\/div><\/div><\/div><div class=\"fusion-layout-column fusion_builder_column fusion-builder-column-4 fusion_builder_column_1_3 1_3 fusion-one-third fusion-column-inner-bg-wrapper\" style=\"width:30.6666%; margin-right: 4%;margin-top:0px;margin-bottom:20px;\"><div class=\"fusion-column-wrapper fusion-flex-column-wrapper-legacy\" style=\"padding: 0px 0px 0px 0px;\"><div class=\"fusion-text fusion-text-4\"><p><a href=\"\/feel-free\/sauna\/\"><img decoding=\"async\" class=\"alignnone wp-image-174 size-full\" title=\"Sauna\" src=\"http:\/\/www.waldhaus-bettmeralp.ch\/wp-content\/uploads\/2015\/08\/Sauna-6.jpg\" alt=\"Waldhaus Bettmeralp Sauna\" width=\"800\" height=\"534\" srcset=\"https:\/\/www.waldhaus-bettmeralp.ch\/wp-content\/uploads\/2015\/08\/Sauna-6-300x200.jpg 300w, https:\/\/www.waldhaus-bettmeralp.ch\/wp-content\/uploads\/2015\/08\/Sauna-6-500x334.jpg 500w, https:\/\/www.waldhaus-bettmeralp.ch\/wp-content\/uploads\/2015\/08\/Sauna-6.jpg 800w\" sizes=\"(max-width: 800px) 100vw, 800px\" \/><\/a><\/p>\n<h2 style=\"text-align: center;\">Sauna<\/h2>\n<\/div><div class=\"fusion-clearfix\"><\/div><\/div><span class=\"fusion-column-inner-bg hover-type-none\"><a class=\"fusion-column-anchor\" href=\"https:\/\/www.waldhaus-bettmeralp.ch\/en\/feel-free_en\/sauna_en\/\"><span class=\"fusion-column-inner-bg-image\" style=\"background-position:left top;background-repeat:no-repeat;-webkit-background-size:cover;-moz-background-size:cover;-o-background-size:cover;background-size:cover;\"><\/span><\/a><\/span><\/div><div class=\"fusion-layout-column fusion_builder_column fusion-builder-column-5 fusion_builder_column_1_3 1_3 fusion-one-third fusion-column-last\" style=\"width:30.6666%;margin-top:0px;margin-bottom:20px;\"><div class=\"fusion-column-wrapper fusion-flex-column-wrapper-legacy\" style=\"background-position:left top;background-repeat:no-repeat;-webkit-background-size:cover;-moz-background-size:cover;-o-background-size:cover;background-size:cover;padding: 0px 0px 0px 0px;\"><div class=\"fusion-text fusion-text-5\"><p><a href=\"\/feel-free\/massageangebot\/\"><img decoding=\"async\" class=\"size-full wp-image-189\" src=\"\/wp-content\/uploads\/2015\/08\/Massage-1-e1439656546272.jpg\" alt=\"Waldhaus Bettmeralp Massage\" width=\"534\" height=\"356\" srcset=\"https:\/\/www.waldhaus-bettmeralp.ch\/wp-content\/uploads\/2015\/08\/Massage-1-e1439656546272-300x200.jpg 300w, https:\/\/www.waldhaus-bettmeralp.ch\/wp-content\/uploads\/2015\/08\/Massage-1-e1439656546272-500x333.jpg 500w, https:\/\/www.waldhaus-bettmeralp.ch\/wp-content\/uploads\/2015\/08\/Massage-1-e1439656546272.jpg 534w\" sizes=\"(max-width: 534px) 100vw, 534px\" \/><\/a><\/p>\n<h2 style=\"text-align: center;\">Massage<\/h2>\n<\/div><div class=\"fusion-clearfix\"><\/div><\/div><\/div><div class=\"fusion-layout-column fusion_builder_column fusion-builder-column-6 fusion_builder_column_1_3 1_3 fusion-one-third fusion-column-first\" style=\"width:30.6666%; margin-right: 4%;margin-top:0px;margin-bottom:20px;\"><div class=\"fusion-column-wrapper fusion-flex-column-wrapper-legacy\" style=\"background-position:left top;background-repeat:no-repeat;-webkit-background-size:cover;-moz-background-size:cover;-o-background-size:cover;background-size:cover;padding: 0px 0px 0px 0px;\"><div class=\"fusion-text fusion-text-6\"><p><a href=\"\/feel-free\/shiatsu-behandlung\/\"><img decoding=\"async\" class=\"size-full wp-image-188\" src=\"\/wp-content\/uploads\/2015\/08\/shiatsu.jpg\" alt=\"Waldhaus Bettmeralp Shiatsu\" width=\"1000\" height=\"667\" srcset=\"https:\/\/www.waldhaus-bettmeralp.ch\/wp-content\/uploads\/2015\/08\/shiatsu-300x200.jpg 300w, https:\/\/www.waldhaus-bettmeralp.ch\/wp-content\/uploads\/2015\/08\/shiatsu-500x334.jpg 500w, https:\/\/www.waldhaus-bettmeralp.ch\/wp-content\/uploads\/2015\/08\/shiatsu.jpg 1000w\" sizes=\"(max-width: 1000px) 100vw, 1000px\" \/><\/a><\/p>\n<h2 style=\"text-align: center;\">Shiatsu<\/h2>\n<\/div><div class=\"fusion-clearfix\"><\/div><\/div><\/div><div class=\"fusion-layout-column fusion_builder_column fusion-builder-column-7 fusion_builder_column_1_3 1_3 fusion-one-third\" style=\"width:30.6666%; margin-right: 4%;margin-top:0px;margin-bottom:20px;\"><div class=\"fusion-column-wrapper fusion-flex-column-wrapper-legacy\" style=\"background-position:left top;background-repeat:no-repeat;-webkit-background-size:cover;-moz-background-size:cover;-o-background-size:cover;background-size:cover;padding: 0px 0px 0px 0px;\"><div class=\"fusion-text fusion-text-7\"><p><a href=\"\/energietanken\/\"><img decoding=\"async\" class=\"size-full wp-image-167\" src=\"\/wp-content\/uploads\/2015\/08\/Wanderung-H\u00e4ngebr\u00fccke.jpg\" alt=\"Waldhaus Bettmeralp Wandern\" width=\"800\" height=\"533\" srcset=\"https:\/\/www.waldhaus-bettmeralp.ch\/wp-content\/uploads\/2015\/08\/Wanderung-H\u00e4ngebr\u00fccke-300x200.jpg 300w, https:\/\/www.waldhaus-bettmeralp.ch\/wp-content\/uploads\/2015\/08\/Wanderung-H\u00e4ngebr\u00fccke-500x333.jpg 500w, https:\/\/www.waldhaus-bettmeralp.ch\/wp-content\/uploads\/2015\/08\/Wanderung-H\u00e4ngebr\u00fccke.jpg 800w\" sizes=\"(max-width: 800px) 100vw, 800px\" \/><\/a><\/p>\n<h2 style=\"text-align: center;\">Energie Tanken<\/h2>\n<\/div><div class=\"fusion-clearfix\"><\/div><\/div><\/div><div class=\"fusion-layout-column fusion_builder_column fusion-builder-column-8 fusion_builder_column_1_3 1_3 fusion-one-third fusion-column-last fusion-column-inner-bg-wrapper\" style=\"width:30.6666%;margin-top:0px;margin-bottom:20px;\"><div class=\"fusion-column-wrapper fusion-flex-column-wrapper-legacy\" style=\"padding: 0px 0px 0px 0px;\"><div class=\"fusion-text fusion-text-8\"><p><img decoding=\"async\" class=\"aligncenter wp-image-1506 size-medium\" src=\"http:\/\/www.waldhaus-bettmeralp.ch\/wp-content\/uploads\/2015\/08\/Cranio-Sacral-Kristin-quer-300x223.jpg\" alt=\"cranio-sacral-kristin-quer\" width=\"300\" height=\"223\"><\/p>\n<h2 style=\"text-align: center;\">Cranio Sacral<\/h2>\n<\/div><div class=\"fusion-clearfix\"><\/div><\/div><span class=\"fusion-column-inner-bg hover-type-none\"><a class=\"fusion-column-anchor\" href=\"http:\/\/www.waldhaus-bettmeralp.ch\/feel-free\/cranio-sacral\/\"><span class=\"fusion-column-inner-bg-image\" style=\"background-position:left top;background-repeat:no-repeat;-webkit-background-size:cover;-moz-background-size:cover;-o-background-size:cover;background-size:cover;\"><\/span><\/a><\/span><\/div><\/div><style type=\"text\/css\">.fusion-fullwidth.fusion-builder-row-2 { overflow:visible; }<\/style><\/div><div class=\"fusion-fullwidth fullwidth-box fusion-builder-row-3 nonhundred-percent-fullwidth non-hundred-percent-height-scrolling\" style=\"background-color: rgba(255,255,255,0);background-position: left top;background-repeat: no-repeat;padding-top:20px;padding-right:0px;padding-bottom:20px;padding-left:0px;margin-bottom: 0px;margin-top: 0px;border-width: 0px 0px 0px 0px;border-color:#eae9e9;border-style:solid;\" ><div class=\"fusion-builder-row fusion-row\"><\/div><\/div><\/p>\n","protected":false},"excerpt":{"rendered":"","protected":false},"author":1,"featured_media":0,"parent":0,"menu_order":0,"comment_status":"open","ping_status":"open","template":"","meta":{"ngg_post_thumbnail":0,"footnotes":""},"class_list":["post-4220","page","type-page","status-publish","hentry"],"yoast_head":"<!-- This site is optimized with the Yoast SEO plugin v27.3 - https:\/\/yoast.com\/product\/yoast-seo-wordpress\/ -->\n<title>Feel Free auf der Bettmeralp in der Aletsch Arena.<\/title>\n<meta name=\"description\" content=\"Feel Free in der Aletsch Arena. K\u00f6rper &amp; Geist in Einklang bringen und Energie f\u00fcr die Seele tanken. G\u00f6nnen Sie sich Erholung mit einer Massage mit Shiatsu.\" \/>\n<meta name=\"robots\" content=\"index, follow, max-snippet:-1, max-image-preview:large, max-video-preview:-1\" \/>\n<link rel=\"canonical\" href=\"https:\/\/www.waldhaus-bettmeralp.ch\/en\/feel-free_en\/\" \/>\n<meta property=\"og:locale\" content=\"en_US\" \/>\n<meta property=\"og:type\" content=\"article\" \/>\n<meta property=\"og:title\" content=\"Feel Free auf der Bettmeralp in der Aletsch Arena.\" \/>\n<meta property=\"og:description\" content=\"Feel Free in der Aletsch Arena. K\u00f6rper &amp; Geist in Einklang bringen und Energie f\u00fcr die Seele tanken. G\u00f6nnen Sie sich Erholung mit einer Massage mit Shiatsu.\" \/>\n<meta property=\"og:url\" content=\"https:\/\/www.waldhaus-bettmeralp.ch\/en\/feel-free_en\/\" \/>\n<meta property=\"og:site_name\" content=\"Waldh\u00fcs Gfl\u00fcschter\" \/>\n<meta property=\"article:publisher\" content=\"https:\/\/www.facebook.com\/FerienhotelWaldhaus\" \/>\n<meta property=\"article:modified_time\" content=\"2017-07-11T10:47:47+00:00\" \/>\n<meta property=\"og:image\" content=\"http:\/\/www.waldhaus-bettmeralp.ch\/wp-content\/uploads\/2015\/08\/Kaminzimmer.jpg\" \/>\n<meta name=\"twitter:card\" content=\"summary_large_image\" \/>\n<meta name=\"twitter:site\" content=\"@Hotel_Waldhaus\" \/>\n<meta name=\"twitter:label1\" content=\"Est. reading time\" \/>\n\t<meta name=\"twitter:data1\" content=\"4 minutes\" \/>\n<script type=\"application\/ld+json\" class=\"yoast-schema-graph\">{\"@context\":\"https:\\\/\\\/schema.org\",\"@graph\":[{\"@type\":\"WebPage\",\"@id\":\"https:\\\/\\\/www.waldhaus-bettmeralp.ch\\\/en\\\/feel-free_en\\\/\",\"url\":\"https:\\\/\\\/www.waldhaus-bettmeralp.ch\\\/en\\\/feel-free_en\\\/\",\"name\":\"Feel Free auf der Bettmeralp in der Aletsch Arena.\",\"isPartOf\":{\"@id\":\"https:\\\/\\\/www.waldhaus-bettmeralp.ch\\\/en\\\/#website\"},\"primaryImageOfPage\":{\"@id\":\"https:\\\/\\\/www.waldhaus-bettmeralp.ch\\\/en\\\/feel-free_en\\\/#primaryimage\"},\"image\":{\"@id\":\"https:\\\/\\\/www.waldhaus-bettmeralp.ch\\\/en\\\/feel-free_en\\\/#primaryimage\"},\"thumbnailUrl\":\"http:\\\/\\\/www.waldhaus-bettmeralp.ch\\\/wp-content\\\/uploads\\\/2015\\\/08\\\/Kaminzimmer.jpg\",\"datePublished\":\"2015-08-15T16:02:55+00:00\",\"dateModified\":\"2017-07-11T10:47:47+00:00\",\"description\":\"Feel Free in der Aletsch Arena. K\u00f6rper & Geist in Einklang bringen und Energie f\u00fcr die Seele tanken. G\u00f6nnen Sie sich Erholung mit einer Massage mit Shiatsu.\",\"breadcrumb\":{\"@id\":\"https:\\\/\\\/www.waldhaus-bettmeralp.ch\\\/en\\\/feel-free_en\\\/#breadcrumb\"},\"inLanguage\":\"en-US\",\"potentialAction\":[{\"@type\":\"ReadAction\",\"target\":[\"https:\\\/\\\/www.waldhaus-bettmeralp.ch\\\/en\\\/feel-free_en\\\/\"]}]},{\"@type\":\"ImageObject\",\"inLanguage\":\"en-US\",\"@id\":\"https:\\\/\\\/www.waldhaus-bettmeralp.ch\\\/en\\\/feel-free_en\\\/#primaryimage\",\"url\":\"http:\\\/\\\/www.waldhaus-bettmeralp.ch\\\/wp-content\\\/uploads\\\/2015\\\/08\\\/Kaminzimmer.jpg\",\"contentUrl\":\"http:\\\/\\\/www.waldhaus-bettmeralp.ch\\\/wp-content\\\/uploads\\\/2015\\\/08\\\/Kaminzimmer.jpg\"},{\"@type\":\"BreadcrumbList\",\"@id\":\"https:\\\/\\\/www.waldhaus-bettmeralp.ch\\\/en\\\/feel-free_en\\\/#breadcrumb\",\"itemListElement\":[{\"@type\":\"ListItem\",\"position\":1,\"name\":\"Home\",\"item\":\"https:\\\/\\\/www.waldhaus-bettmeralp.ch\\\/en\\\/\"},{\"@type\":\"ListItem\",\"position\":2,\"name\":\"Feel Free\"}]},{\"@type\":\"WebSite\",\"@id\":\"https:\\\/\\\/www.waldhaus-bettmeralp.ch\\\/en\\\/#website\",\"url\":\"https:\\\/\\\/www.waldhaus-bettmeralp.ch\\\/en\\\/\",\"name\":\"Waldh\u00fcs Gfl\u00fcschter\",\"description\":\"Hotel &amp; Restaurant Waldhaus in der Aletsch Arena\",\"publisher\":{\"@id\":\"https:\\\/\\\/www.waldhaus-bettmeralp.ch\\\/en\\\/#organization\"},\"potentialAction\":[{\"@type\":\"SearchAction\",\"target\":{\"@type\":\"EntryPoint\",\"urlTemplate\":\"https:\\\/\\\/www.waldhaus-bettmeralp.ch\\\/en\\\/?s={search_term_string}\"},\"query-input\":{\"@type\":\"PropertyValueSpecification\",\"valueRequired\":true,\"valueName\":\"search_term_string\"}}],\"inLanguage\":\"en-US\"},{\"@type\":\"Organization\",\"@id\":\"https:\\\/\\\/www.waldhaus-bettmeralp.ch\\\/en\\\/#organization\",\"name\":\"Hotel & Restaurant Waldhaus\",\"url\":\"https:\\\/\\\/www.waldhaus-bettmeralp.ch\\\/en\\\/\",\"logo\":{\"@type\":\"ImageObject\",\"inLanguage\":\"en-US\",\"@id\":\"https:\\\/\\\/www.waldhaus-bettmeralp.ch\\\/en\\\/#\\\/schema\\\/logo\\\/image\\\/\",\"url\":\"https:\\\/\\\/www.waldhaus-bettmeralp.ch\\\/wp-content\\\/uploads\\\/2015\\\/08\\\/Logo-W-neu--scaled.jpg\",\"contentUrl\":\"https:\\\/\\\/www.waldhaus-bettmeralp.ch\\\/wp-content\\\/uploads\\\/2015\\\/08\\\/Logo-W-neu--scaled.jpg\",\"width\":2560,\"height\":1506,\"caption\":\"Hotel & Restaurant Waldhaus\"},\"image\":{\"@id\":\"https:\\\/\\\/www.waldhaus-bettmeralp.ch\\\/en\\\/#\\\/schema\\\/logo\\\/image\\\/\"},\"sameAs\":[\"https:\\\/\\\/www.facebook.com\\\/FerienhotelWaldhaus\",\"https:\\\/\\\/x.com\\\/Hotel_Waldhaus\",\"https:\\\/\\\/instagram.com\\\/hotel_waldhaus\\\/\",\"https:\\\/\\\/de.pinterest.com\\\/hotelwaldhaus\\\/\"]}]}<\/script>\n<!-- \/ Yoast SEO plugin. -->","yoast_head_json":{"title":"Feel Free auf der Bettmeralp in der Aletsch Arena.","description":"Feel Free in der Aletsch Arena. K\u00f6rper & Geist in Einklang bringen und Energie f\u00fcr die Seele tanken. G\u00f6nnen Sie sich Erholung mit einer Massage mit Shiatsu.","robots":{"index":"index","follow":"follow","max-snippet":"max-snippet:-1","max-image-preview":"max-image-preview:large","max-video-preview":"max-video-preview:-1"},"canonical":"https:\/\/www.waldhaus-bettmeralp.ch\/en\/feel-free_en\/","og_locale":"en_US","og_type":"article","og_title":"Feel Free auf der Bettmeralp in der Aletsch Arena.","og_description":"Feel Free in der Aletsch Arena. K\u00f6rper & Geist in Einklang bringen und Energie f\u00fcr die Seele tanken. G\u00f6nnen Sie sich Erholung mit einer Massage mit Shiatsu.","og_url":"https:\/\/www.waldhaus-bettmeralp.ch\/en\/feel-free_en\/","og_site_name":"Waldh\u00fcs Gfl\u00fcschter","article_publisher":"https:\/\/www.facebook.com\/FerienhotelWaldhaus","article_modified_time":"2017-07-11T10:47:47+00:00","og_image":[{"url":"http:\/\/www.waldhaus-bettmeralp.ch\/wp-content\/uploads\/2015\/08\/Kaminzimmer.jpg","type":"","width":"","height":""}],"twitter_card":"summary_large_image","twitter_site":"@Hotel_Waldhaus","twitter_misc":{"Est. reading time":"4 minutes"},"schema":{"@context":"https:\/\/schema.org","@graph":[{"@type":"WebPage","@id":"https:\/\/www.waldhaus-bettmeralp.ch\/en\/feel-free_en\/","url":"https:\/\/www.waldhaus-bettmeralp.ch\/en\/feel-free_en\/","name":"Feel Free auf der Bettmeralp in der Aletsch Arena.","isPartOf":{"@id":"https:\/\/www.waldhaus-bettmeralp.ch\/en\/#website"},"primaryImageOfPage":{"@id":"https:\/\/www.waldhaus-bettmeralp.ch\/en\/feel-free_en\/#primaryimage"},"image":{"@id":"https:\/\/www.waldhaus-bettmeralp.ch\/en\/feel-free_en\/#primaryimage"},"thumbnailUrl":"http:\/\/www.waldhaus-bettmeralp.ch\/wp-content\/uploads\/2015\/08\/Kaminzimmer.jpg","datePublished":"2015-08-15T16:02:55+00:00","dateModified":"2017-07-11T10:47:47+00:00","description":"Feel Free in der Aletsch Arena. K\u00f6rper & Geist in Einklang bringen und Energie f\u00fcr die Seele tanken. G\u00f6nnen Sie sich Erholung mit einer Massage mit Shiatsu.","breadcrumb":{"@id":"https:\/\/www.waldhaus-bettmeralp.ch\/en\/feel-free_en\/#breadcrumb"},"inLanguage":"en-US","potentialAction":[{"@type":"ReadAction","target":["https:\/\/www.waldhaus-bettmeralp.ch\/en\/feel-free_en\/"]}]},{"@type":"ImageObject","inLanguage":"en-US","@id":"https:\/\/www.waldhaus-bettmeralp.ch\/en\/feel-free_en\/#primaryimage","url":"http:\/\/www.waldhaus-bettmeralp.ch\/wp-content\/uploads\/2015\/08\/Kaminzimmer.jpg","contentUrl":"http:\/\/www.waldhaus-bettmeralp.ch\/wp-content\/uploads\/2015\/08\/Kaminzimmer.jpg"},{"@type":"BreadcrumbList","@id":"https:\/\/www.waldhaus-bettmeralp.ch\/en\/feel-free_en\/#breadcrumb","itemListElement":[{"@type":"ListItem","position":1,"name":"Home","item":"https:\/\/www.waldhaus-bettmeralp.ch\/en\/"},{"@type":"ListItem","position":2,"name":"Feel Free"}]},{"@type":"WebSite","@id":"https:\/\/www.waldhaus-bettmeralp.ch\/en\/#website","url":"https:\/\/www.waldhaus-bettmeralp.ch\/en\/","name":"Waldh\u00fcs Gfl\u00fcschter","description":"Hotel &amp; Restaurant Waldhaus in der Aletsch Arena","publisher":{"@id":"https:\/\/www.waldhaus-bettmeralp.ch\/en\/#organization"},"potentialAction":[{"@type":"SearchAction","target":{"@type":"EntryPoint","urlTemplate":"https:\/\/www.waldhaus-bettmeralp.ch\/en\/?s={search_term_string}"},"query-input":{"@type":"PropertyValueSpecification","valueRequired":true,"valueName":"search_term_string"}}],"inLanguage":"en-US"},{"@type":"Organization","@id":"https:\/\/www.waldhaus-bettmeralp.ch\/en\/#organization","name":"Hotel & Restaurant Waldhaus","url":"https:\/\/www.waldhaus-bettmeralp.ch\/en\/","logo":{"@type":"ImageObject","inLanguage":"en-US","@id":"https:\/\/www.waldhaus-bettmeralp.ch\/en\/#\/schema\/logo\/image\/","url":"https:\/\/www.waldhaus-bettmeralp.ch\/wp-content\/uploads\/2015\/08\/Logo-W-neu--scaled.jpg","contentUrl":"https:\/\/www.waldhaus-bettmeralp.ch\/wp-content\/uploads\/2015\/08\/Logo-W-neu--scaled.jpg","width":2560,"height":1506,"caption":"Hotel & Restaurant Waldhaus"},"image":{"@id":"https:\/\/www.waldhaus-bettmeralp.ch\/en\/#\/schema\/logo\/image\/"},"sameAs":["https:\/\/www.facebook.com\/FerienhotelWaldhaus","https:\/\/x.com\/Hotel_Waldhaus","https:\/\/instagram.com\/hotel_waldhaus\/","https:\/\/de.pinterest.com\/hotelwaldhaus\/"]}]}},"_links":{"self":[{"href":"https:\/\/www.waldhaus-bettmeralp.ch\/en\/wp-json\/wp\/v2\/pages\/4220","targetHints":{"allow":["GET"]}}],"collection":[{"href":"https:\/\/www.waldhaus-bettmeralp.ch\/en\/wp-json\/wp\/v2\/pages"}],"about":[{"href":"https:\/\/www.waldhaus-bettmeralp.ch\/en\/wp-json\/wp\/v2\/types\/page"}],"author":[{"embeddable":true,"href":"https:\/\/www.waldhaus-bettmeralp.ch\/en\/wp-json\/wp\/v2\/users\/1"}],"replies":[{"embeddable":true,"href":"https:\/\/www.waldhaus-bettmeralp.ch\/en\/wp-json\/wp\/v2\/comments?post=4220"}],"version-history":[{"count":4,"href":"https:\/\/www.waldhaus-bettmeralp.ch\/en\/wp-json\/wp\/v2\/pages\/4220\/revisions"}],"predecessor-version":[{"id":4249,"href":"https:\/\/www.waldhaus-bettmeralp.ch\/en\/wp-json\/wp\/v2\/pages\/4220\/revisions\/4249"}],"wp:attachment":[{"href":"https:\/\/www.waldhaus-bettmeralp.ch\/en\/wp-json\/wp\/v2\/media?parent=4220"}],"curies":[{"name":"wp","href":"https:\/\/api.w.org\/{rel}","templated":true}]}}