{"id":6442,"date":"2022-07-10T16:28:49","date_gmt":"2022-07-10T16:28:49","guid":{"rendered":"https:\/\/www.waldhaus-bettmeralp.ch\/wp-content\/uploads\/2022\/07\/Knebelbruecken.jpeg"},"modified":"2022-07-10T16:29:22","modified_gmt":"2022-07-10T16:29:22","slug":"knebelbruecken-2","status":"inherit","type":"attachment","link":"https:\/\/www.waldhaus-bettmeralp.ch\/en\/knebelbruecken-2\/","title":{"rendered":"Knebelbr\u00fccken"},"author":1,"featured_media":0,"comment_status":"open","ping_status":"closed","template":"","meta":{"ngg_post_thumbnail":0},"class_list":["post-6442","attachment","type-attachment","status-inherit","hentry"],"yoast_head":"<!-- This site is optimized with the Yoast SEO plugin v27.3 - https:\/\/yoast.com\/product\/yoast-seo-wordpress\/ -->\n<title>Knebelbr\u00fccken - Waldh\u00fcs Gfl\u00fcschter<\/title>\n<meta name=\"robots\" content=\"index, follow, max-snippet:-1, max-image-preview:large, max-video-preview:-1\" \/>\n<link rel=\"canonical\" href=\"https:\/\/www.waldhaus-bettmeralp.ch\/wp-content\/uploads\/2022\/07\/Knebelbruecken.jpeg\" \/>\n<meta property=\"og:locale\" content=\"en_US\" \/>\n<meta property=\"og:type\" content=\"article\" \/>\n<meta property=\"og:title\" content=\"Knebelbr\u00fccken - Waldh\u00fcs Gfl\u00fcschter\" \/>\n<meta property=\"og:description\" content=\"Wanderung zu den Knebelbr\u00fccken\" \/>\n<meta property=\"og:url\" content=\"https:\/\/www.waldhaus-bettmeralp.ch\/wp-content\/uploads\/2022\/07\/Knebelbruecken.jpeg\" \/>\n<meta property=\"og:site_name\" content=\"Waldh\u00fcs Gfl\u00fcschter\" \/>\n<meta property=\"article:publisher\" content=\"https:\/\/www.facebook.com\/FerienhotelWaldhaus\" \/>\n<meta property=\"article:modified_time\" content=\"2022-07-10T16:29:22+00:00\" \/>\n<meta property=\"og:image\" content=\"https:\/\/www.waldhaus-bettmeralp.ch\/wp-content\/uploads\/2022\/07\/Knebelbruecken.jpeg\" \/>\n\t<meta property=\"og:image:width\" content=\"1500\" \/>\n\t<meta property=\"og:image:height\" content=\"2000\" \/>\n\t<meta property=\"og:image:type\" content=\"image\/jpeg\" \/>\n<meta name=\"twitter:card\" content=\"summary_large_image\" \/>\n<meta name=\"twitter:site\" content=\"@Hotel_Waldhaus\" \/>\n<script type=\"application\/ld+json\" class=\"yoast-schema-graph\">{\"@context\":\"https:\\\/\\\/schema.org\",\"@graph\":[{\"@type\":\"WebPage\",\"@id\":\"https:\\\/\\\/www.waldhaus-bettmeralp.ch\\\/wp-content\\\/uploads\\\/2022\\\/07\\\/Knebelbruecken.jpeg\",\"url\":\"https:\\\/\\\/www.waldhaus-bettmeralp.ch\\\/wp-content\\\/uploads\\\/2022\\\/07\\\/Knebelbruecken.jpeg\",\"name\":\"Knebelbr\u00fccken - Waldh\u00fcs Gfl\u00fcschter\",\"isPartOf\":{\"@id\":\"https:\\\/\\\/www.waldhaus-bettmeralp.ch\\\/en\\\/#website\"},\"datePublished\":\"2022-07-10T16:28:49+00:00\",\"dateModified\":\"2022-07-10T16:29:22+00:00\",\"breadcrumb\":{\"@id\":\"https:\\\/\\\/www.waldhaus-bettmeralp.ch\\\/wp-content\\\/uploads\\\/2022\\\/07\\\/Knebelbruecken.jpeg#breadcrumb\"},\"inLanguage\":\"en-US\",\"potentialAction\":[{\"@type\":\"ReadAction\",\"target\":[\"https:\\\/\\\/www.waldhaus-bettmeralp.ch\\\/wp-content\\\/uploads\\\/2022\\\/07\\\/Knebelbruecken.jpeg\"]}]},{\"@type\":\"BreadcrumbList\",\"@id\":\"https:\\\/\\\/www.waldhaus-bettmeralp.ch\\\/wp-content\\\/uploads\\\/2022\\\/07\\\/Knebelbruecken.jpeg#breadcrumb\",\"itemListElement\":[{\"@type\":\"ListItem\",\"position\":1,\"name\":\"Home\",\"item\":\"https:\\\/\\\/www.waldhaus-bettmeralp.ch\\\/en\\\/\"},{\"@type\":\"ListItem\",\"position\":2,\"name\":\"Knebelbr\u00fccken\"}]},{\"@type\":\"WebSite\",\"@id\":\"https:\\\/\\\/www.waldhaus-bettmeralp.ch\\\/en\\\/#website\",\"url\":\"https:\\\/\\\/www.waldhaus-bettmeralp.ch\\\/en\\\/\",\"name\":\"Waldh\u00fcs Gfl\u00fcschter\",\"description\":\"Hotel &amp; Restaurant Waldhaus in der Aletsch Arena\",\"publisher\":{\"@id\":\"https:\\\/\\\/www.waldhaus-bettmeralp.ch\\\/en\\\/#organization\"},\"potentialAction\":[{\"@type\":\"SearchAction\",\"target\":{\"@type\":\"EntryPoint\",\"urlTemplate\":\"https:\\\/\\\/www.waldhaus-bettmeralp.ch\\\/en\\\/?s={search_term_string}\"},\"query-input\":{\"@type\":\"PropertyValueSpecification\",\"valueRequired\":true,\"valueName\":\"search_term_string\"}}],\"inLanguage\":\"en-US\"},{\"@type\":\"Organization\",\"@id\":\"https:\\\/\\\/www.waldhaus-bettmeralp.ch\\\/en\\\/#organization\",\"name\":\"Hotel & Restaurant Waldhaus\",\"url\":\"https:\\\/\\\/www.waldhaus-bettmeralp.ch\\\/en\\\/\",\"logo\":{\"@type\":\"ImageObject\",\"inLanguage\":\"en-US\",\"@id\":\"https:\\\/\\\/www.waldhaus-bettmeralp.ch\\\/en\\\/#\\\/schema\\\/logo\\\/image\\\/\",\"url\":\"https:\\\/\\\/www.waldhaus-bettmeralp.ch\\\/wp-content\\\/uploads\\\/2015\\\/08\\\/Logo-W-neu--scaled.jpg\",\"contentUrl\":\"https:\\\/\\\/www.waldhaus-bettmeralp.ch\\\/wp-content\\\/uploads\\\/2015\\\/08\\\/Logo-W-neu--scaled.jpg\",\"width\":2560,\"height\":1506,\"caption\":\"Hotel & Restaurant Waldhaus\"},\"image\":{\"@id\":\"https:\\\/\\\/www.waldhaus-bettmeralp.ch\\\/en\\\/#\\\/schema\\\/logo\\\/image\\\/\"},\"sameAs\":[\"https:\\\/\\\/www.facebook.com\\\/FerienhotelWaldhaus\",\"https:\\\/\\\/x.com\\\/Hotel_Waldhaus\",\"https:\\\/\\\/instagram.com\\\/hotel_waldhaus\\\/\",\"https:\\\/\\\/de.pinterest.com\\\/hotelwaldhaus\\\/\"]}]}<\/script>\n<!-- \/ Yoast SEO plugin. -->","yoast_head_json":{"title":"Knebelbr\u00fccken - Waldh\u00fcs Gfl\u00fcschter","robots":{"index":"index","follow":"follow","max-snippet":"max-snippet:-1","max-image-preview":"max-image-preview:large","max-video-preview":"max-video-preview:-1"},"canonical":"https:\/\/www.waldhaus-bettmeralp.ch\/wp-content\/uploads\/2022\/07\/Knebelbruecken.jpeg","og_locale":"en_US","og_type":"article","og_title":"Knebelbr\u00fccken - Waldh\u00fcs Gfl\u00fcschter","og_description":"Wanderung zu den Knebelbr\u00fccken","og_url":"https:\/\/www.waldhaus-bettmeralp.ch\/wp-content\/uploads\/2022\/07\/Knebelbruecken.jpeg","og_site_name":"Waldh\u00fcs Gfl\u00fcschter","article_publisher":"https:\/\/www.facebook.com\/FerienhotelWaldhaus","article_modified_time":"2022-07-10T16:29:22+00:00","og_image":[{"width":1500,"height":2000,"url":"https:\/\/www.waldhaus-bettmeralp.ch\/wp-content\/uploads\/2022\/07\/Knebelbruecken.jpeg","type":"image\/jpeg"}],"twitter_card":"summary_large_image","twitter_site":"@Hotel_Waldhaus","schema":{"@context":"https:\/\/schema.org","@graph":[{"@type":"WebPage","@id":"https:\/\/www.waldhaus-bettmeralp.ch\/wp-content\/uploads\/2022\/07\/Knebelbruecken.jpeg","url":"https:\/\/www.waldhaus-bettmeralp.ch\/wp-content\/uploads\/2022\/07\/Knebelbruecken.jpeg","name":"Knebelbr\u00fccken - Waldh\u00fcs Gfl\u00fcschter","isPartOf":{"@id":"https:\/\/www.waldhaus-bettmeralp.ch\/en\/#website"},"datePublished":"2022-07-10T16:28:49+00:00","dateModified":"2022-07-10T16:29:22+00:00","breadcrumb":{"@id":"https:\/\/www.waldhaus-bettmeralp.ch\/wp-content\/uploads\/2022\/07\/Knebelbruecken.jpeg#breadcrumb"},"inLanguage":"en-US","potentialAction":[{"@type":"ReadAction","target":["https:\/\/www.waldhaus-bettmeralp.ch\/wp-content\/uploads\/2022\/07\/Knebelbruecken.jpeg"]}]},{"@type":"BreadcrumbList","@id":"https:\/\/www.waldhaus-bettmeralp.ch\/wp-content\/uploads\/2022\/07\/Knebelbruecken.jpeg#breadcrumb","itemListElement":[{"@type":"ListItem","position":1,"name":"Home","item":"https:\/\/www.waldhaus-bettmeralp.ch\/en\/"},{"@type":"ListItem","position":2,"name":"Knebelbr\u00fccken"}]},{"@type":"WebSite","@id":"https:\/\/www.waldhaus-bettmeralp.ch\/en\/#website","url":"https:\/\/www.waldhaus-bettmeralp.ch\/en\/","name":"Waldh\u00fcs Gfl\u00fcschter","description":"Hotel &amp; Restaurant Waldhaus in der Aletsch Arena","publisher":{"@id":"https:\/\/www.waldhaus-bettmeralp.ch\/en\/#organization"},"potentialAction":[{"@type":"SearchAction","target":{"@type":"EntryPoint","urlTemplate":"https:\/\/www.waldhaus-bettmeralp.ch\/en\/?s={search_term_string}"},"query-input":{"@type":"PropertyValueSpecification","valueRequired":true,"valueName":"search_term_string"}}],"inLanguage":"en-US"},{"@type":"Organization","@id":"https:\/\/www.waldhaus-bettmeralp.ch\/en\/#organization","name":"Hotel & Restaurant Waldhaus","url":"https:\/\/www.waldhaus-bettmeralp.ch\/en\/","logo":{"@type":"ImageObject","inLanguage":"en-US","@id":"https:\/\/www.waldhaus-bettmeralp.ch\/en\/#\/schema\/logo\/image\/","url":"https:\/\/www.waldhaus-bettmeralp.ch\/wp-content\/uploads\/2015\/08\/Logo-W-neu--scaled.jpg","contentUrl":"https:\/\/www.waldhaus-bettmeralp.ch\/wp-content\/uploads\/2015\/08\/Logo-W-neu--scaled.jpg","width":2560,"height":1506,"caption":"Hotel & Restaurant Waldhaus"},"image":{"@id":"https:\/\/www.waldhaus-bettmeralp.ch\/en\/#\/schema\/logo\/image\/"},"sameAs":["https:\/\/www.facebook.com\/FerienhotelWaldhaus","https:\/\/x.com\/Hotel_Waldhaus","https:\/\/instagram.com\/hotel_waldhaus\/","https:\/\/de.pinterest.com\/hotelwaldhaus\/"]}]}},"description":{"rendered":"<p class=\"attachment\"><a data-rel=\"iLightbox[postimages]\" data-title=\"\" data-caption=\"\" href='https:\/\/www.waldhaus-bettmeralp.ch\/wp-content\/uploads\/2022\/07\/Knebelbruecken.jpeg'><img decoding=\"async\" width=\"225\" height=\"300\" src=\"https:\/\/www.waldhaus-bettmeralp.ch\/wp-content\/uploads\/2022\/07\/Knebelbruecken-225x300.jpeg\" class=\"attachment-medium size-medium\" alt=\"Br\u00fccke\" srcset=\"https:\/\/www.waldhaus-bettmeralp.ch\/wp-content\/uploads\/2022\/07\/Knebelbruecken-200x267.jpeg 200w, https:\/\/www.waldhaus-bettmeralp.ch\/wp-content\/uploads\/2022\/07\/Knebelbruecken-225x300.jpeg 225w, https:\/\/www.waldhaus-bettmeralp.ch\/wp-content\/uploads\/2022\/07\/Knebelbruecken-400x533.jpeg 400w, https:\/\/www.waldhaus-bettmeralp.ch\/wp-content\/uploads\/2022\/07\/Knebelbruecken-500x667.jpeg 500w, https:\/\/www.waldhaus-bettmeralp.ch\/wp-content\/uploads\/2022\/07\/Knebelbruecken-600x800.jpeg 600w, https:\/\/www.waldhaus-bettmeralp.ch\/wp-content\/uploads\/2022\/07\/Knebelbruecken-768x1024.jpeg 768w, https:\/\/www.waldhaus-bettmeralp.ch\/wp-content\/uploads\/2022\/07\/Knebelbruecken-800x1067.jpeg 800w, https:\/\/www.waldhaus-bettmeralp.ch\/wp-content\/uploads\/2022\/07\/Knebelbruecken-1152x1536.jpeg 1152w, https:\/\/www.waldhaus-bettmeralp.ch\/wp-content\/uploads\/2022\/07\/Knebelbruecken-1200x1600.jpeg 1200w, https:\/\/www.waldhaus-bettmeralp.ch\/wp-content\/uploads\/2022\/07\/Knebelbruecken.jpeg 1500w\" sizes=\"(max-width: 225px) 100vw, 225px\" \/><\/a><\/p>\n<p>Eindrucksvolle Wanderung in der Aletsch Arena<\/p>\n"},"caption":{"rendered":"<p>Wanderung zu den Knebelbr\u00fccken<\/p>\n"},"alt_text":"Br\u00fccke","media_type":"image","mime_type":"image\/jpeg","media_details":{"width":1500,"height":2000,"file":"2022\/07\/Knebelbruecken.jpeg","filesize":714470,"sizes":{"medium":{"file":"Knebelbruecken-225x300.jpeg","width":225,"height":300,"filesize":18644,"mime_type":"image\/jpeg","source_url":"https:\/\/www.waldhaus-bettmeralp.ch\/wp-content\/uploads\/2022\/07\/Knebelbruecken-225x300.jpeg"},"large":{"file":"Knebelbruecken-768x1024.jpeg","width":768,"height":1024,"filesize":207132,"mime_type":"image\/jpeg","source_url":"https:\/\/www.waldhaus-bettmeralp.ch\/wp-content\/uploads\/2022\/07\/Knebelbruecken-768x1024.jpeg"},"thumbnail":{"file":"Knebelbruecken-150x150.jpeg","width":150,"height":150,"filesize":6850,"mime_type":"image\/jpeg","source_url":"https:\/\/www.waldhaus-bettmeralp.ch\/wp-content\/uploads\/2022\/07\/Knebelbruecken-150x150.jpeg"},"medium_large":{"file":"Knebelbruecken-768x1024.jpeg","width":768,"height":1024,"filesize":207132,"mime_type":"image\/jpeg","source_url":"https:\/\/www.waldhaus-bettmeralp.ch\/wp-content\/uploads\/2022\/07\/Knebelbruecken-768x1024.jpeg"},"1536x1536":{"file":"Knebelbruecken-1152x1536.jpeg","width":1152,"height":1536,"filesize":467149,"mime_type":"image\/jpeg","source_url":"https:\/\/www.waldhaus-bettmeralp.ch\/wp-content\/uploads\/2022\/07\/Knebelbruecken-1152x1536.jpeg"},"ultp_layout_landscape_large":{"file":"Knebelbruecken-1200x800.jpeg","width":1200,"height":800,"filesize":269776,"mime_type":"image\/jpeg","source_url":"https:\/\/www.waldhaus-bettmeralp.ch\/wp-content\/uploads\/2022\/07\/Knebelbruecken-1200x800.jpeg"},"ultp_layout_landscape":{"file":"Knebelbruecken-870x570.jpeg","width":870,"height":570,"filesize":141793,"mime_type":"image\/jpeg","source_url":"https:\/\/www.waldhaus-bettmeralp.ch\/wp-content\/uploads\/2022\/07\/Knebelbruecken-870x570.jpeg"},"ultp_layout_portrait":{"file":"Knebelbruecken-600x900.jpeg","width":600,"height":900,"filesize":142770,"mime_type":"image\/jpeg","source_url":"https:\/\/www.waldhaus-bettmeralp.ch\/wp-content\/uploads\/2022\/07\/Knebelbruecken-600x900.jpeg"},"ultp_layout_square":{"file":"Knebelbruecken-600x600.jpeg","width":600,"height":600,"filesize":96826,"mime_type":"image\/jpeg","source_url":"https:\/\/www.waldhaus-bettmeralp.ch\/wp-content\/uploads\/2022\/07\/Knebelbruecken-600x600.jpeg"},"blog-large":{"file":"Knebelbruecken-669x272.jpeg","width":669,"height":272,"filesize":52304,"mime_type":"image\/jpeg","source_url":"https:\/\/www.waldhaus-bettmeralp.ch\/wp-content\/uploads\/2022\/07\/Knebelbruecken-669x272.jpeg"},"blog-medium":{"file":"Knebelbruecken-320x202.jpeg","width":320,"height":202,"filesize":18822,"mime_type":"image\/jpeg","source_url":"https:\/\/www.waldhaus-bettmeralp.ch\/wp-content\/uploads\/2022\/07\/Knebelbruecken-320x202.jpeg"},"recent-posts":{"file":"Knebelbruecken-700x441.jpeg","width":700,"height":441,"filesize":86667,"mime_type":"image\/jpeg","source_url":"https:\/\/www.waldhaus-bettmeralp.ch\/wp-content\/uploads\/2022\/07\/Knebelbruecken-700x441.jpeg"},"recent-works-thumbnail":{"file":"Knebelbruecken-66x66.jpeg","width":66,"height":66,"filesize":1820,"mime_type":"image\/jpeg","source_url":"https:\/\/www.waldhaus-bettmeralp.ch\/wp-content\/uploads\/2022\/07\/Knebelbruecken-66x66.jpeg"},"fusion-200":{"file":"Knebelbruecken-200x267.jpeg","width":200,"height":267,"filesize":14765,"mime_type":"image\/jpeg","source_url":"https:\/\/www.waldhaus-bettmeralp.ch\/wp-content\/uploads\/2022\/07\/Knebelbruecken-200x267.jpeg"},"fusion-400":{"file":"Knebelbruecken-400x533.jpeg","width":400,"height":533,"filesize":55943,"mime_type":"image\/jpeg","source_url":"https:\/\/www.waldhaus-bettmeralp.ch\/wp-content\/uploads\/2022\/07\/Knebelbruecken-400x533.jpeg"},"fusion-600":{"file":"Knebelbruecken-600x800.jpeg","width":600,"height":800,"filesize":124477,"mime_type":"image\/jpeg","source_url":"https:\/\/www.waldhaus-bettmeralp.ch\/wp-content\/uploads\/2022\/07\/Knebelbruecken-600x800.jpeg"},"fusion-800":{"file":"Knebelbruecken-800x1067.jpeg","width":800,"height":1067,"filesize":226737,"mime_type":"image\/jpeg","source_url":"https:\/\/www.waldhaus-bettmeralp.ch\/wp-content\/uploads\/2022\/07\/Knebelbruecken-800x1067.jpeg"},"fusion-1200":{"file":"Knebelbruecken-1200x1600.jpeg","width":1200,"height":1600,"filesize":502939,"mime_type":"image\/jpeg","source_url":"https:\/\/www.waldhaus-bettmeralp.ch\/wp-content\/uploads\/2022\/07\/Knebelbruecken-1200x1600.jpeg"},"portfolio-full":{"file":"Knebelbruecken-940x400.jpeg","width":940,"height":400,"filesize":110192,"mime_type":"image\/jpeg","source_url":"https:\/\/www.waldhaus-bettmeralp.ch\/wp-content\/uploads\/2022\/07\/Knebelbruecken-940x400.jpeg"},"portfolio-one":{"file":"Knebelbruecken-540x272.jpeg","width":540,"height":272,"filesize":42094,"mime_type":"image\/jpeg","source_url":"https:\/\/www.waldhaus-bettmeralp.ch\/wp-content\/uploads\/2022\/07\/Knebelbruecken-540x272.jpeg"},"portfolio-two":{"file":"Knebelbruecken-460x295.jpeg","width":460,"height":295,"filesize":38441,"mime_type":"image\/jpeg","source_url":"https:\/\/www.waldhaus-bettmeralp.ch\/wp-content\/uploads\/2022\/07\/Knebelbruecken-460x295.jpeg"},"portfolio-three":{"file":"Knebelbruecken-300x214.jpeg","width":300,"height":214,"filesize":18553,"mime_type":"image\/jpeg","source_url":"https:\/\/www.waldhaus-bettmeralp.ch\/wp-content\/uploads\/2022\/07\/Knebelbruecken-300x214.jpeg"},"portfolio-five":{"file":"Knebelbruecken-177x142.jpeg","width":177,"height":142,"filesize":7720,"mime_type":"image\/jpeg","source_url":"https:\/\/www.waldhaus-bettmeralp.ch\/wp-content\/uploads\/2022\/07\/Knebelbruecken-177x142.jpeg"},"woocommerce_thumbnail":{"file":"Knebelbruecken-500x667.jpeg","width":500,"height":667,"filesize":88436,"mime_type":"image\/jpeg","source_url":"https:\/\/www.waldhaus-bettmeralp.ch\/wp-content\/uploads\/2022\/07\/Knebelbruecken-500x667.jpeg"},"woocommerce_single":{"file":"Knebelbruecken-500x667.jpeg","width":500,"height":667,"filesize":88436,"mime_type":"image\/jpeg","source_url":"https:\/\/www.waldhaus-bettmeralp.ch\/wp-content\/uploads\/2022\/07\/Knebelbruecken-500x667.jpeg"},"woocommerce_gallery_thumbnail":{"file":"Knebelbruecken-100x100.jpeg","width":100,"height":100,"filesize":3422,"mime_type":"image\/jpeg","source_url":"https:\/\/www.waldhaus-bettmeralp.ch\/wp-content\/uploads\/2022\/07\/Knebelbruecken-100x100.jpeg"},"shop_catalog":{"file":"Knebelbruecken-500x667.jpeg","width":500,"height":667,"filesize":88436,"mime_type":"image\/jpeg","source_url":"https:\/\/www.waldhaus-bettmeralp.ch\/wp-content\/uploads\/2022\/07\/Knebelbruecken-500x667.jpeg"},"shop_single":{"file":"Knebelbruecken-500x667.jpeg","width":500,"height":667,"filesize":88436,"mime_type":"image\/jpeg","source_url":"https:\/\/www.waldhaus-bettmeralp.ch\/wp-content\/uploads\/2022\/07\/Knebelbruecken-500x667.jpeg"},"shop_thumbnail":{"file":"Knebelbruecken-100x100.jpeg","width":100,"height":100,"filesize":3422,"mime_type":"image\/jpeg","source_url":"https:\/\/www.waldhaus-bettmeralp.ch\/wp-content\/uploads\/2022\/07\/Knebelbruecken-100x100.jpeg"},"full":{"file":"Knebelbruecken.jpeg","width":1500,"height":2000,"mime_type":"image\/jpeg","source_url":"https:\/\/www.waldhaus-bettmeralp.ch\/wp-content\/uploads\/2022\/07\/Knebelbruecken.jpeg"}},"image_meta":{"aperture":"0","credit":"","camera":"","caption":"","created_timestamp":"0","copyright":"","focal_length":"0","iso":"0","shutter_speed":"0","title":"","orientation":"0","keywords":[]}},"post":null,"source_url":"https:\/\/www.waldhaus-bettmeralp.ch\/wp-content\/uploads\/2022\/07\/Knebelbruecken.jpeg","_links":{"self":[{"href":"https:\/\/www.waldhaus-bettmeralp.ch\/en\/wp-json\/wp\/v2\/media\/6442","targetHints":{"allow":["GET"]}}],"collection":[{"href":"https:\/\/www.waldhaus-bettmeralp.ch\/en\/wp-json\/wp\/v2\/media"}],"about":[{"href":"https:\/\/www.waldhaus-bettmeralp.ch\/en\/wp-json\/wp\/v2\/types\/attachment"}],"author":[{"embeddable":true,"href":"https:\/\/www.waldhaus-bettmeralp.ch\/en\/wp-json\/wp\/v2\/users\/1"}],"replies":[{"embeddable":true,"href":"https:\/\/www.waldhaus-bettmeralp.ch\/en\/wp-json\/wp\/v2\/comments?post=6442"}]}}